{"id":51819,"date":"2025-10-07T00:08:20","date_gmt":"2025-10-06T21:08:20","guid":{"rendered":"https:\/\/www.taxfreecar.net\/arac-detay\/mercedes-benz-sl-63-amg-4-matic-2\/"},"modified":"2025-10-07T00:16:10","modified_gmt":"2025-10-06T21:16:10","slug":"mercedes-benz-sl-63-amg-4m-2","status":"publish","type":"vehica_car","link":"https:\/\/www.taxfreecar.net\/en_en\/arac-detay\/mercedes-benz-sl-63-amg-4m-2\/","title":{"rendered":"Mercedes-Benz SL 63 AMG 4M+"},"content":{"rendered":"<p><strong>Yabanc\u0131dan Yabanc\u0131ya, tax free car Mercedes-Benz SL 63 AMG 4M+ \u00a0<\/strong><strong>(Taxfreecar, mavi plakal\u0131 ara\u00e7)<\/strong><\/p>\n<p><strong>2022 <\/strong>model<strong> Mercedes-Benz SL 63 AMG 4M+ <\/strong>arac\u0131m\u0131z Kahverengi (Brown) renk se\u00e7ene\u011fi ile <strong>stoklar\u0131m\u0131zda<\/strong> yabanc\u0131dan yabanc\u0131ya, Taxfreecar olarak sat\u0131\u015ftad\u0131r. Ara\u00e7 Turing Teminat Bedeli (banka teminat mektubu g\u00fcvence bedeli) vard\u0131r. De\u011fi\u015fik renk ve konfig\u00fcrasyon se\u00e7eneklerimiz mevcuttur. T\u00fcm sat\u0131l\u0131k <strong>Mercedes-Benz<\/strong> ara\u00e7lar\u0131m\u0131z Mercedes-Benz T\u00fcrkiye garantili olarak <strong>9Ekim Group<\/strong> g\u00fcvencesi i\u00e7erisindedir.<\/p>\n<h4>Vehicle description according to the provider<\/h4>\n<ul>\n<li>Displacement 3.982 Cm\u00b3<\/li>\n<li>Perfomance 430 Kw (585 Ps)<\/li>\n<li>Fuel Type Gasoline<\/li>\n<li>Consumption<\/li>\n<li>12.9 L\/100km (Combined)*<\/li>\n<li>22.0 L\/100km (In Town)*<\/li>\n<li>13.4 L\/100km (Extra Urban)*<\/li>\n<li>Consumption (Wltp) 12.9 L\/100km (Combined)*<\/li>\n<li>Co\u2082 Emissions 293 G\/km (Combined)*<\/li>\n<li>Co\u2082 Emissions (Wltp) 293 G\/km (Combined)*<\/li>\n<li>Access Lgd. Fuel Type Gasoline Super Plus<\/li>\n<li>Energy Efficiency Class G<\/li>\n<li>Co\u2082 Efficiency Calculated On The Basis Of The Measured Co\u2082 Emissions, Taking Into Account The Mass Of The Vehicle.<\/li>\n<li>Number Of Seats 4<\/li>\n<li>Number Of Doors 2\/3<\/li>\n<li>Transmission Automatic<\/li>\n<li>Emission Class Euro6<\/li>\n<li>Number Of Owners Of The Vehicle One<\/li>\n<li>Air Conditioning 2-zone Automatic Climate Control<\/li>\n<li>Parking Assistance Front, Rear, Self-steering Systems, 360\u00b0 Camera<\/li>\n<li>Airbags Front, Side And Other Airbags<\/li>\n<li>Color (Manufacturer) Monza Grey<\/li>\n<li>Colour White<\/li>\n<li>Interior Design Full Leather, White<\/li>\n<li>P20 &#8211; Driving Assistance Package Plus<\/li>\n<li>P44 &#8211; Parking Package<\/li>\n<li>P49 &#8211; Mirror Package<\/li>\n<li>P60 &#8211; AMG Exterior Night Package<\/li>\n<li>P71 &#8211; AMG Dynamic plus Package<\/li>\n<li>L6K &#8211; AMG Nappa leather\/microfibre Steering Wheel<\/li>\n<li>H73 &#8211; High Gloss Carbon Interior Trim<\/li>\n<li>RWE &#8211; AMG 21&#8243; double spoke wheels White<\/li>\n<li>U19 &#8211; Augmented reality video<\/li>\n<li>U69 &#8211; Brake Calipers in Yellow<\/li>\n<li>U88 &#8211; AMG Steering Wheel Buttons<\/li>\n<li>14U &#8211; Smartphone Integration Package with Apple CarPlay &amp; Android<\/li>\n<li>201 &#8211; Axel rear steering<\/li>\n<li>233 &#8211; Distronic Plus<\/li>\n<li>235 &#8211; Park Distance Control Front &amp; Rear with Parking Assist<\/li>\n<li>243 &#8211; Active Lane Keeping Assist<\/li>\n<li>249 &#8211; Auto Dimming Mirrors<\/li>\n<li>256 &#8211; Track Pace<\/li>\n<li>275 &#8211; Memory Package Front<\/li>\n<li>293 &#8211; Sidebags in the Rear<\/li>\n<li>299 &#8211; PRE-SAFE<\/li>\n<li>309 &#8211; Cup holder<\/li>\n<li>318 &#8211; Digital LED headlamps<\/li>\n<li>321 &#8211; Biometric user identification &#8211; fingerprint<\/li>\n<li>403 &#8211; Airscarf<\/li>\n<li>421 &#8211; Automatic Tranmission 9-Speed<\/li>\n<li>438 &#8211; Head-Up Display<\/li>\n<li>443 &#8211; Heated steering wheel<\/li>\n<li>464 &#8211; Instrument cluster 12.3&#8243; diagonal<\/li>\n<li>470 &#8211; Semi-active roll stabilization (SEMI ARS)<\/li>\n<li>467 &#8211; Electronic Locking Differential<\/li>\n<li>475 &#8211; Tire Pressure Monitoring<\/li>\n<li>479 &#8211; Adjustable chassis<\/li>\n<\/ul>","protected":false},"author":85,"featured_media":51822,"template":"","vehica_17481":[2452],"vehica_6659":[2326],"vehica_6660":[3158],"vehica_6655":[2642],"vehica_12770":[2397],"vehica_6662":[2313],"vehica_6654":[2073],"vehica_6657":[],"vehica_6661":[2074],"vehica_6663":[2107],"vehica_19761":[3159],"vehica_12974":[2404],"vehica_19552":[3033],"vehica_19551":[2675],"vehica_19641":[2543],"vehica_19639":[2532],"vehica_19635":[2604],"vehica_19636":[2500],"vehica_19637":[2514],"vehica_19563":[2493],"vehica_6670":[2105,2607,2586,2593,2559,2096,2620,2626,2092,2637,2523,2615,2564,2521,2651,2594,2618,2100],"vehica_12723":[2570,2608,2968,2427,2598,2578,2681,2576,2569,2590,2572,2571,2390,2524,2568,2574,2575,2525,2393,2588,2591,2599],"class_list":["post-51819","vehica_car","type-vehica_car","status-publish","has-post-thumbnail","hentry","vehica_17481-arabalar","vehica_6659-mercedes-benz","vehica_6660-sl-63","vehica_6655-cabriolet","vehica_12770-2-door","vehica_6662-automatic","vehica_6654-used","vehica_6661-awd-4wd","vehica_6663-benzin","vehica_19761-amg-sl-63-v8-4matic-amg-speedshift-mct-9g","vehica_12974-2404","vehica_19552-kahverengi","vehica_19551-beyaz","vehica_19641-full-leather","vehica_19639-4-seats","vehica_19635-yaklasik-12l-100km","vehica_19636-euro-6","vehica_19637-4-green","vehica_19563-germany","vehica_6670-360-degree-camera","vehica_6670-4-bolgeli-otomatik-klima","vehica_6670-adaptive-headlights","vehica_6670-alarm-sistemi","vehica_6670-alloy-wheels","vehica_6670-keyless-start","vehica_6670-android-arac-multimedyasi","vehica_6670-bi-xenon-farlar","vehica_6670-bluetooth","vehica_6670-cd-calar","vehica_6670-multifunction-steering-wheel","vehica_6670-dokunmatik-ekran","vehica_6670-electric-front-windows","vehica_6670-electric-side-mirror","vehica_6670-hidrolik-direksiyon","vehica_6670-kol-dayama","vehica_6670-metalik-boya","vehica_6670-navigation-system","vehica_12723-abs","vehica_12723-adaptif-seyir-kontrolu","vehica_12723-adaptif-viraj-lambasi","vehica_12723-active-head-restraints","vehica_12723-anahtarsiz-merkezi-kilitleme","vehica_12723-traction-control","vehica_12723-ariza-kiti","vehica_12723-rear-collision-warning","vehica_12723-asr","vehica_12723-bas","vehica_12723-ebd","vehica_12723-esp-vsa","vehica_12723-brake-assist","vehica_12723-reversing-camera","vehica_12723-airbag-knee","vehica_12723-airbag-front","vehica_12723-airbag-side","vehica_12723-cruise-control","vehica_12723-blind-spot-warning","vehica_12723-tire-pressure-indicator","vehica_12723-central-lock-system","vehica_12723-mesafe-uyarisi"],"yoast_head":"<!-- This site is optimized with the Yoast SEO plugin v27.4 - https:\/\/yoast.com\/product\/yoast-seo-wordpress\/ -->\n<title>Yabanc\u0131dan Yabanc\u0131ya Mercedes-Benz SL 63 AMG 4M+<\/title>\n<meta name=\"description\" content=\"Yabanc\u0131dan Yabanc\u0131ya Tax Free Car Mercedes-Benz SL 63 (taxfreecar). T\u00fcrkiye&#039;de resm\u00ee ikametg\u00e2h\u0131 olan yabanc\u0131lar i\u00e7in mavi plakal\u0131 ara\u00e7 sat\u0131m\u0131.\" \/>\n<meta name=\"robots\" content=\"index, follow, max-snippet:-1, max-image-preview:large, max-video-preview:-1\" \/>\n<link rel=\"canonical\" href=\"https:\/\/www.taxfreecar.net\/en_en\/arac-detay\/mercedes-benz-sl-63-amg-4m-2\/\" \/>\n<meta property=\"og:locale\" content=\"en_US\" \/>\n<meta property=\"og:type\" content=\"article\" \/>\n<meta property=\"og:title\" content=\"Yabanc\u0131dan Yabanc\u0131ya Mercedes-Benz SL 63 AMG 4M+\" \/>\n<meta property=\"og:description\" content=\"Yabanc\u0131dan Yabanc\u0131ya Tax Free Car Mercedes-Benz SL 63 (taxfreecar). T\u00fcrkiye&#039;de resm\u00ee ikametg\u00e2h\u0131 olan yabanc\u0131lar i\u00e7in mavi plakal\u0131 ara\u00e7 sat\u0131m\u0131.\" \/>\n<meta property=\"og:url\" content=\"https:\/\/www.taxfreecar.net\/en_en\/arac-detay\/mercedes-benz-sl-63-amg-4m-2\/\" \/>\n<meta property=\"og:site_name\" content=\"Mavi Plaka Vergisiz Ara\u00e7\" \/>\n<meta property=\"article:modified_time\" content=\"2025-10-06T21:16:10+00:00\" \/>\n<meta property=\"og:image\" content=\"https:\/\/www.taxfreecar.net\/wp-content\/uploads\/2025\/10\/b002eac3-93b2-4642-bcb0-b371e5cb73e2.jpg\" \/>\n\t<meta property=\"og:image:width\" content=\"1600\" \/>\n\t<meta property=\"og:image:height\" content=\"1200\" \/>\n\t<meta property=\"og:image:type\" content=\"image\/jpeg\" \/>\n<meta name=\"twitter:card\" content=\"summary_large_image\" \/>\n<meta name=\"twitter:label1\" content=\"Est. reading time\" \/>\n\t<meta name=\"twitter:data1\" content=\"3 minutes\" \/>\n<script type=\"application\/ld+json\" class=\"yoast-schema-graph\">{\"@context\":\"https:\\\/\\\/schema.org\",\"@graph\":[{\"@type\":\"WebPage\",\"@id\":\"https:\\\/\\\/www.taxfreecar.net\\\/arac-detay\\\/mercedes-benz-sl-63-amg-4m-2\\\/\",\"url\":\"https:\\\/\\\/www.taxfreecar.net\\\/arac-detay\\\/mercedes-benz-sl-63-amg-4m-2\\\/\",\"name\":\"Yabanc\u0131dan Yabanc\u0131ya Mercedes-Benz SL 63 AMG 4M+\",\"isPartOf\":{\"@id\":\"https:\\\/\\\/www.taxfreecar.net\\\/#website\"},\"primaryImageOfPage\":{\"@id\":\"https:\\\/\\\/www.taxfreecar.net\\\/arac-detay\\\/mercedes-benz-sl-63-amg-4m-2\\\/#primaryimage\"},\"image\":{\"@id\":\"https:\\\/\\\/www.taxfreecar.net\\\/arac-detay\\\/mercedes-benz-sl-63-amg-4m-2\\\/#primaryimage\"},\"thumbnailUrl\":\"https:\\\/\\\/www.taxfreecar.net\\\/wp-content\\\/uploads\\\/2025\\\/10\\\/b002eac3-93b2-4642-bcb0-b371e5cb73e2.jpg\",\"datePublished\":\"2025-10-06T21:08:20+00:00\",\"dateModified\":\"2025-10-06T21:16:10+00:00\",\"description\":\"Yabanc\u0131dan Yabanc\u0131ya Tax Free Car Mercedes-Benz SL 63 (taxfreecar). T\u00fcrkiye'de resm\u00ee ikametg\u00e2h\u0131 olan yabanc\u0131lar i\u00e7in mavi plakal\u0131 ara\u00e7 sat\u0131m\u0131.\",\"breadcrumb\":{\"@id\":\"https:\\\/\\\/www.taxfreecar.net\\\/arac-detay\\\/mercedes-benz-sl-63-amg-4m-2\\\/#breadcrumb\"},\"inLanguage\":\"en-US\",\"potentialAction\":[{\"@type\":\"ReadAction\",\"target\":[\"https:\\\/\\\/www.taxfreecar.net\\\/arac-detay\\\/mercedes-benz-sl-63-amg-4m-2\\\/\"]}]},{\"@type\":\"ImageObject\",\"inLanguage\":\"en-US\",\"@id\":\"https:\\\/\\\/www.taxfreecar.net\\\/arac-detay\\\/mercedes-benz-sl-63-amg-4m-2\\\/#primaryimage\",\"url\":\"https:\\\/\\\/www.taxfreecar.net\\\/wp-content\\\/uploads\\\/2025\\\/10\\\/b002eac3-93b2-4642-bcb0-b371e5cb73e2.jpg\",\"contentUrl\":\"https:\\\/\\\/www.taxfreecar.net\\\/wp-content\\\/uploads\\\/2025\\\/10\\\/b002eac3-93b2-4642-bcb0-b371e5cb73e2.jpg\",\"width\":1600,\"height\":1200},{\"@type\":\"BreadcrumbList\",\"@id\":\"https:\\\/\\\/www.taxfreecar.net\\\/arac-detay\\\/mercedes-benz-sl-63-amg-4m-2\\\/#breadcrumb\",\"itemListElement\":[{\"@type\":\"ListItem\",\"position\":1,\"name\":\"Ara\u00e7 Listesi\",\"item\":\"https:\\\/\\\/www.taxfreecar.net\\\/arac-listesi\\\/\"},{\"@type\":\"ListItem\",\"position\":2,\"name\":\"Mercedes-Benz SL 63 AMG 4M+\"}]},{\"@type\":\"WebSite\",\"@id\":\"https:\\\/\\\/www.taxfreecar.net\\\/#website\",\"url\":\"https:\\\/\\\/www.taxfreecar.net\\\/\",\"name\":\"Mavi Plaka Vergisiz Ara\u00e7\",\"description\":\"T\u00fcrkiye&#039;de resmi ikametgah\u0131 olan yabanc\u0131 gurbet\u00e7iler i\u00e7in vergisiz ara\u00e7 al\u0131m\u0131 sat\u0131m\u0131.\",\"publisher\":{\"@id\":\"https:\\\/\\\/www.taxfreecar.net\\\/#organization\"},\"potentialAction\":[{\"@type\":\"SearchAction\",\"target\":{\"@type\":\"EntryPoint\",\"urlTemplate\":\"https:\\\/\\\/www.taxfreecar.net\\\/?s={search_term_string}\"},\"query-input\":{\"@type\":\"PropertyValueSpecification\",\"valueRequired\":true,\"valueName\":\"search_term_string\"}}],\"inLanguage\":\"en-US\"},{\"@type\":\"Organization\",\"@id\":\"https:\\\/\\\/www.taxfreecar.net\\\/#organization\",\"name\":\"Yabanc\u0131dan Yabanc\u0131ya Araba & Mavi Plakal\u0131 Ara\u00e7 Al\u0131m\u0131 Sat\u0131m\u0131 - TaxFreeCar.net\",\"url\":\"https:\\\/\\\/www.taxfreecar.net\\\/\",\"logo\":{\"@type\":\"ImageObject\",\"inLanguage\":\"en-US\",\"@id\":\"https:\\\/\\\/www.taxfreecar.net\\\/#\\\/schema\\\/logo\\\/image\\\/\",\"url\":\"https:\\\/\\\/www.taxfreecar.net\\\/wp-content\\\/uploads\\\/2022\\\/04\\\/taxfreecar.net-logo-dark.png\",\"contentUrl\":\"https:\\\/\\\/www.taxfreecar.net\\\/wp-content\\\/uploads\\\/2022\\\/04\\\/taxfreecar.net-logo-dark.png\",\"width\":205,\"height\":70,\"caption\":\"Yabanc\u0131dan Yabanc\u0131ya Araba & Mavi Plakal\u0131 Ara\u00e7 Al\u0131m\u0131 Sat\u0131m\u0131 - TaxFreeCar.net\"},\"image\":{\"@id\":\"https:\\\/\\\/www.taxfreecar.net\\\/#\\\/schema\\\/logo\\\/image\\\/\"}}]}<\/script>\n<!-- \/ Yoast SEO plugin. -->","yoast_head_json":{"title":"Yabanc\u0131dan Yabanc\u0131ya Mercedes-Benz SL 63 AMG 4M+","description":"Yabanc\u0131dan Yabanc\u0131ya Tax Free Car Mercedes-Benz SL 63 (taxfreecar). T\u00fcrkiye'de resm\u00ee ikametg\u00e2h\u0131 olan yabanc\u0131lar i\u00e7in mavi plakal\u0131 ara\u00e7 sat\u0131m\u0131.","robots":{"index":"index","follow":"follow","max-snippet":"max-snippet:-1","max-image-preview":"max-image-preview:large","max-video-preview":"max-video-preview:-1"},"canonical":"https:\/\/www.taxfreecar.net\/en_en\/arac-detay\/mercedes-benz-sl-63-amg-4m-2\/","og_locale":"en_US","og_type":"article","og_title":"Yabanc\u0131dan Yabanc\u0131ya Mercedes-Benz SL 63 AMG 4M+","og_description":"Yabanc\u0131dan Yabanc\u0131ya Tax Free Car Mercedes-Benz SL 63 (taxfreecar). T\u00fcrkiye'de resm\u00ee ikametg\u00e2h\u0131 olan yabanc\u0131lar i\u00e7in mavi plakal\u0131 ara\u00e7 sat\u0131m\u0131.","og_url":"https:\/\/www.taxfreecar.net\/en_en\/arac-detay\/mercedes-benz-sl-63-amg-4m-2\/","og_site_name":"Mavi Plaka Vergisiz Ara\u00e7","article_modified_time":"2025-10-06T21:16:10+00:00","og_image":[{"width":1600,"height":1200,"url":"https:\/\/www.taxfreecar.net\/wp-content\/uploads\/2025\/10\/b002eac3-93b2-4642-bcb0-b371e5cb73e2.jpg","type":"image\/jpeg"}],"twitter_card":"summary_large_image","twitter_misc":{"Est. reading time":"3 minutes"},"schema":{"@context":"https:\/\/schema.org","@graph":[{"@type":"WebPage","@id":"https:\/\/www.taxfreecar.net\/arac-detay\/mercedes-benz-sl-63-amg-4m-2\/","url":"https:\/\/www.taxfreecar.net\/arac-detay\/mercedes-benz-sl-63-amg-4m-2\/","name":"Yabanc\u0131dan Yabanc\u0131ya Mercedes-Benz SL 63 AMG 4M+","isPartOf":{"@id":"https:\/\/www.taxfreecar.net\/#website"},"primaryImageOfPage":{"@id":"https:\/\/www.taxfreecar.net\/arac-detay\/mercedes-benz-sl-63-amg-4m-2\/#primaryimage"},"image":{"@id":"https:\/\/www.taxfreecar.net\/arac-detay\/mercedes-benz-sl-63-amg-4m-2\/#primaryimage"},"thumbnailUrl":"https:\/\/www.taxfreecar.net\/wp-content\/uploads\/2025\/10\/b002eac3-93b2-4642-bcb0-b371e5cb73e2.jpg","datePublished":"2025-10-06T21:08:20+00:00","dateModified":"2025-10-06T21:16:10+00:00","description":"Yabanc\u0131dan Yabanc\u0131ya Tax Free Car Mercedes-Benz SL 63 (taxfreecar). T\u00fcrkiye'de resm\u00ee ikametg\u00e2h\u0131 olan yabanc\u0131lar i\u00e7in mavi plakal\u0131 ara\u00e7 sat\u0131m\u0131.","breadcrumb":{"@id":"https:\/\/www.taxfreecar.net\/arac-detay\/mercedes-benz-sl-63-amg-4m-2\/#breadcrumb"},"inLanguage":"en-US","potentialAction":[{"@type":"ReadAction","target":["https:\/\/www.taxfreecar.net\/arac-detay\/mercedes-benz-sl-63-amg-4m-2\/"]}]},{"@type":"ImageObject","inLanguage":"en-US","@id":"https:\/\/www.taxfreecar.net\/arac-detay\/mercedes-benz-sl-63-amg-4m-2\/#primaryimage","url":"https:\/\/www.taxfreecar.net\/wp-content\/uploads\/2025\/10\/b002eac3-93b2-4642-bcb0-b371e5cb73e2.jpg","contentUrl":"https:\/\/www.taxfreecar.net\/wp-content\/uploads\/2025\/10\/b002eac3-93b2-4642-bcb0-b371e5cb73e2.jpg","width":1600,"height":1200},{"@type":"BreadcrumbList","@id":"https:\/\/www.taxfreecar.net\/arac-detay\/mercedes-benz-sl-63-amg-4m-2\/#breadcrumb","itemListElement":[{"@type":"ListItem","position":1,"name":"Ara\u00e7 Listesi","item":"https:\/\/www.taxfreecar.net\/arac-listesi\/"},{"@type":"ListItem","position":2,"name":"Mercedes-Benz SL 63 AMG 4M+"}]},{"@type":"WebSite","@id":"https:\/\/www.taxfreecar.net\/#website","url":"https:\/\/www.taxfreecar.net\/","name":"Mavi Plaka Vergisiz Ara\u00e7","description":"T\u00fcrkiye&#039;de resmi ikametgah\u0131 olan yabanc\u0131 gurbet\u00e7iler i\u00e7in vergisiz ara\u00e7 al\u0131m\u0131 sat\u0131m\u0131.","publisher":{"@id":"https:\/\/www.taxfreecar.net\/#organization"},"potentialAction":[{"@type":"SearchAction","target":{"@type":"EntryPoint","urlTemplate":"https:\/\/www.taxfreecar.net\/?s={search_term_string}"},"query-input":{"@type":"PropertyValueSpecification","valueRequired":true,"valueName":"search_term_string"}}],"inLanguage":"en-US"},{"@type":"Organization","@id":"https:\/\/www.taxfreecar.net\/#organization","name":"Yabanc\u0131dan Yabanc\u0131ya Araba & Mavi Plakal\u0131 Ara\u00e7 Al\u0131m\u0131 Sat\u0131m\u0131 - TaxFreeCar.net","url":"https:\/\/www.taxfreecar.net\/","logo":{"@type":"ImageObject","inLanguage":"en-US","@id":"https:\/\/www.taxfreecar.net\/#\/schema\/logo\/image\/","url":"https:\/\/www.taxfreecar.net\/wp-content\/uploads\/2022\/04\/taxfreecar.net-logo-dark.png","contentUrl":"https:\/\/www.taxfreecar.net\/wp-content\/uploads\/2022\/04\/taxfreecar.net-logo-dark.png","width":205,"height":70,"caption":"Yabanc\u0131dan Yabanc\u0131ya Araba & Mavi Plakal\u0131 Ara\u00e7 Al\u0131m\u0131 Sat\u0131m\u0131 - TaxFreeCar.net"},"image":{"@id":"https:\/\/www.taxfreecar.net\/#\/schema\/logo\/image\/"}}]}},"vehica_6656":{"vehica_currency_6656_2316":136000},"vehica_19134":{"vehica_currency_19134_2316":""},"vehica_14696":"2022","vehica_6664":"58420","vehica_6665":"3982","vehica_19553":"585","vehica_19606":"5467543435","vehica_19613":"https:\/\/suchen.mobile.de\/fahrzeuge\/details.html?id=437157561&action=topInCategory&isSearchRequest=true&ms=17200%3B199%3B%3B&ref=srp&refId=bf60fede-d310-23f0-1fc4-90b3cecb8b8c&s=Car&searchId=bf60fede-d310-23f0-1fc4-90b3cecb8b8c&vc=Car","vehica_6673":["https:\/\/www.taxfreecar.net\/wp-content\/uploads\/2025\/10\/b002eac3-93b2-4642-bcb0-b371e5cb73e2.jpg","https:\/\/www.taxfreecar.net\/wp-content\/uploads\/2025\/10\/37551e90-1216-47e8-bbf5-51ee50d20d0b.jpg","https:\/\/www.taxfreecar.net\/wp-content\/uploads\/2025\/10\/85fc4333-300a-4e11-8dd3-baa9c5832683.jpg","https:\/\/www.taxfreecar.net\/wp-content\/uploads\/2025\/10\/bcbcceb1-4a67-4a19-aa20-2665dde3700b.jpg","https:\/\/www.taxfreecar.net\/wp-content\/uploads\/2025\/10\/7fa332b0-6d5c-4daf-b9a8-4f65573f767a.jpg","https:\/\/www.taxfreecar.net\/wp-content\/uploads\/2025\/10\/3d356b93-fdc6-44bc-8b82-f3a90b72f1f2.jpg","https:\/\/www.taxfreecar.net\/wp-content\/uploads\/2025\/10\/45b7fc6d-a93b-4cdf-a934-0ffd8616267b.jpg","https:\/\/www.taxfreecar.net\/wp-content\/uploads\/2025\/10\/26964338-827e-4013-a524-be6d2a111fac.jpg","https:\/\/www.taxfreecar.net\/wp-content\/uploads\/2025\/10\/a4748510-17d6-448e-88b4-5dedc03125d3.jpg"],"vehica_6674":{"url":"","embed":""},"vehica_16721":"","vehica_18820":[],"_links":{"self":[{"href":"https:\/\/www.taxfreecar.net\/en_en\/wp-json\/wp\/v2\/cars\/51819","targetHints":{"allow":["GET"]}}],"collection":[{"href":"https:\/\/www.taxfreecar.net\/en_en\/wp-json\/wp\/v2\/cars"}],"about":[{"href":"https:\/\/www.taxfreecar.net\/en_en\/wp-json\/wp\/v2\/types\/vehica_car"}],"author":[{"embeddable":true,"href":"https:\/\/www.taxfreecar.net\/en_en\/wp-json\/wp\/v2\/users\/85"}],"wp:featuredmedia":[{"embeddable":true,"href":"https:\/\/www.taxfreecar.net\/en_en\/wp-json\/wp\/v2\/media\/51822"}],"wp:attachment":[{"href":"https:\/\/www.taxfreecar.net\/en_en\/wp-json\/wp\/v2\/media?parent=51819"}],"wp:term":[{"taxonomy":"vehica_17481","embeddable":true,"href":"https:\/\/www.taxfreecar.net\/en_en\/wp-json\/wp\/v2\/vehica_17481?post=51819"},{"taxonomy":"vehica_6659","embeddable":true,"href":"https:\/\/www.taxfreecar.net\/en_en\/wp-json\/wp\/v2\/vehica_6659?post=51819"},{"taxonomy":"vehica_6660","embeddable":true,"href":"https:\/\/www.taxfreecar.net\/en_en\/wp-json\/wp\/v2\/vehica_6660?post=51819"},{"taxonomy":"vehica_6655","embeddable":true,"href":"https:\/\/www.taxfreecar.net\/en_en\/wp-json\/wp\/v2\/vehica_6655?post=51819"},{"taxonomy":"vehica_12770","embeddable":true,"href":"https:\/\/www.taxfreecar.net\/en_en\/wp-json\/wp\/v2\/vehica_12770?post=51819"},{"taxonomy":"vehica_6662","embeddable":true,"href":"https:\/\/www.taxfreecar.net\/en_en\/wp-json\/wp\/v2\/vehica_6662?post=51819"},{"taxonomy":"vehica_6654","embeddable":true,"href":"https:\/\/www.taxfreecar.net\/en_en\/wp-json\/wp\/v2\/vehica_6654?post=51819"},{"taxonomy":"vehica_6657","embeddable":true,"href":"https:\/\/www.taxfreecar.net\/en_en\/wp-json\/wp\/v2\/vehica_6657?post=51819"},{"taxonomy":"vehica_6661","embeddable":true,"href":"https:\/\/www.taxfreecar.net\/en_en\/wp-json\/wp\/v2\/vehica_6661?post=51819"},{"taxonomy":"vehica_6663","embeddable":true,"href":"https:\/\/www.taxfreecar.net\/en_en\/wp-json\/wp\/v2\/vehica_6663?post=51819"},{"taxonomy":"vehica_19761","embeddable":true,"href":"https:\/\/www.taxfreecar.net\/en_en\/wp-json\/wp\/v2\/vehica_19761?post=51819"},{"taxonomy":"vehica_12974","embeddable":true,"href":"https:\/\/www.taxfreecar.net\/en_en\/wp-json\/wp\/v2\/vehica_12974?post=51819"},{"taxonomy":"vehica_19552","embeddable":true,"href":"https:\/\/www.taxfreecar.net\/en_en\/wp-json\/wp\/v2\/vehica_19552?post=51819"},{"taxonomy":"vehica_19551","embeddable":true,"href":"https:\/\/www.taxfreecar.net\/en_en\/wp-json\/wp\/v2\/vehica_19551?post=51819"},{"taxonomy":"vehica_19641","embeddable":true,"href":"https:\/\/www.taxfreecar.net\/en_en\/wp-json\/wp\/v2\/vehica_19641?post=51819"},{"taxonomy":"vehica_19639","embeddable":true,"href":"https:\/\/www.taxfreecar.net\/en_en\/wp-json\/wp\/v2\/vehica_19639?post=51819"},{"taxonomy":"vehica_19635","embeddable":true,"href":"https:\/\/www.taxfreecar.net\/en_en\/wp-json\/wp\/v2\/vehica_19635?post=51819"},{"taxonomy":"vehica_19636","embeddable":true,"href":"https:\/\/www.taxfreecar.net\/en_en\/wp-json\/wp\/v2\/vehica_19636?post=51819"},{"taxonomy":"vehica_19637","embeddable":true,"href":"https:\/\/www.taxfreecar.net\/en_en\/wp-json\/wp\/v2\/vehica_19637?post=51819"},{"taxonomy":"vehica_19563","embeddable":true,"href":"https:\/\/www.taxfreecar.net\/en_en\/wp-json\/wp\/v2\/vehica_19563?post=51819"},{"taxonomy":"vehica_6670","embeddable":true,"href":"https:\/\/www.taxfreecar.net\/en_en\/wp-json\/wp\/v2\/vehica_6670?post=51819"},{"taxonomy":"vehica_12723","embeddable":true,"href":"https:\/\/www.taxfreecar.net\/en_en\/wp-json\/wp\/v2\/vehica_12723?post=51819"}],"curies":[{"name":"wp","href":"https:\/\/api.w.org\/{rel}","templated":true}]}}